{"id":7581,"date":"2019-09-24T18:11:05","date_gmt":"2019-09-24T16:11:05","guid":{"rendered":"https:\/\/www.villamadruzzo.com\/il-menu\/"},"modified":"2025-07-19T15:58:29","modified_gmt":"2025-07-19T13:58:29","slug":"das-menue","status":"publish","type":"page","link":"https:\/\/www.villamadruzzo.com\/de\/das-menue\/","title":{"rendered":"Das Men\u00fc"},"content":{"rendered":"\n<p>Wir bieten eine Auswahl der Gerichte auf der Speisekarte des Restaurants Villa Madruzzo. <\/p>\n\n\n\n<p>Die Anwesenheit auf der Speisekarte der Kurse kann je nach Verf\u00fcgbarkeit der Zutaten und je nach Jahreszeit variieren.<\/p>\n\n\n\n<p class=\"has-small-font-size\"><em>Die Preise sind in Euro angegeben.<\/em><\/p>\n\n\n\n<div class=\"wp-block-buttons is-layout-flex wp-block-buttons-is-layout-flex\">\n<div class=\"wp-block-button is-style-full-primary-custom\"><a class=\"wp-block-button__link wp-element-button\" href=\"#menu-completo\">Das Men\u00fc<\/a><\/div>\n\n\n\n<div class=\"wp-block-button is-style-primary-custom\"><a class=\"wp-block-button__link wp-element-button\" href=\"https:\/\/www.villamadruzzo.com\/de\/reservieren-sie-einen-tisch\/\" target=\"_blank\" rel=\"noreferrer noopener\">Reservieren Sie Ihren Tisch<\/a><\/div>\n<\/div>\n\n\n\n<div style=\"height:30px\" aria-hidden=\"true\" class=\"wp-block-spacer\"><\/div>\n\n\n\n<figure class=\"wp-block-gallery alignwide has-nested-images columns-3 is-cropped wp-block-gallery-1 is-layout-flex wp-block-gallery-is-layout-flex\">\n<figure class=\"wp-block-image size-full\"><a href=\"https:\/\/www.villamadruzzo.com\/wp-content\/uploads\/2025\/04\/antipasto-olio-extra-vergine-di-oliva-leccino-comincioli.jpg\" data-fancybox=\"gallery\"><img decoding=\"async\" width=\"667\" height=\"1000\" data-id=\"16434\" data-src=\"https:\/\/www.villamadruzzo.com\/wp-content\/uploads\/2025\/04\/antipasto-olio-extra-vergine-di-oliva-leccino-comincioli.jpg\" src=\"data:image\/svg+xml,%3Csvg xmlns='http:\/\/www.w3.org\/2000\/svg' viewBox='0 0 667 1000' width='667' height='1000'%3E%3C\/svg%3E\" alt=\"Antipasto olio extra vergine di oliva leccino comincioli\" class=\"lazy wp-image-16434\"\/><\/a><\/figure>\n\n\n\n<figure class=\"wp-block-image size-full\"><a href=\"https:\/\/www.villamadruzzo.com\/wp-content\/uploads\/2019\/11\/preparazione-tartare-di-manzo-alla-trentina.jpg\" data-fancybox=\"gallery\"><img decoding=\"async\" width=\"1500\" height=\"1000\" data-id=\"5631\" data-src=\"https:\/\/www.villamadruzzo.com\/wp-content\/uploads\/2019\/11\/preparazione-tartare-di-manzo-alla-trentina.jpg\" src=\"data:image\/svg+xml,%3Csvg xmlns='http:\/\/www.w3.org\/2000\/svg' viewBox='0 0 1500 1000' width='1500' height='1000'%3E%3C\/svg%3E\" alt=\"Preparazione tartare di manzo alla trentina\" class=\"lazy wp-image-5631\"\/><\/a><\/figure>\n\n\n\n<figure class=\"wp-block-image size-full\"><a href=\"https:\/\/www.villamadruzzo.com\/wp-content\/uploads\/2025\/04\/vino-pinot-nero-heredia-trentino-doc.jpg\" data-fancybox=\"gallery\"><img decoding=\"async\" width=\"667\" height=\"1000\" data-id=\"16429\" data-src=\"https:\/\/www.villamadruzzo.com\/wp-content\/uploads\/2025\/04\/vino-pinot-nero-heredia-trentino-doc.jpg\" src=\"data:image\/svg+xml,%3Csvg xmlns='http:\/\/www.w3.org\/2000\/svg' viewBox='0 0 667 1000' width='667' height='1000'%3E%3C\/svg%3E\" alt=\"Vino pinot nero heredia trentino doc\" class=\"lazy wp-image-16429\"\/><\/a><\/figure>\n<\/figure>\n\n\n\n<div style=\"height:30px\" aria-hidden=\"true\" class=\"wp-block-spacer\"><\/div>\n\n\n\n<h2 class=\"wp-block-heading\" id=\"menu-completo\">Das Men\u00fc \u00e0 la carte<\/h2>\n\n\n\n<h3 class=\"wp-block-heading\">Vorspeisen<\/h3>\n\n\n<section id=\"food-menu-block_50ab55a5d09c2a4617bdd9572374b5c6\" class=\"tp-block-food-menu food-menu-part food-menu-main-starter\"><div class=\"food-menu-part-dish\"><div class=\"item\"><div class=\"title\"><span class=\"name\">Pfifferlinge mit Storo-Polenta und geschmolzenem Kase<\/span><span class=\"dash\">&mdash;<\/span><span class=\"price\">23<\/span><\/div><\/div><div class=\"item\"><div class=\"title\"><span class=\"name\">Norwegischer R\u00e4ucherlachs mit Butterkringeln und Brotcroutons<\/span><span class=\"dash\">&mdash;<\/span><span class=\"price\">18<\/span><\/div><\/div><div class=\"item\"><div class=\"title\"><span class=\"name\"> Ger\u00e4uchert Saibling und Lachsforelle mit Butter und Cro\u00fbtons <\/span><span class=\"dash\">&mdash;<\/span><span class=\"price\">16<\/span><\/div><\/div><div class=\"item\"><div class=\"title\"><span class=\"name\">Marinierte Sardellen mit Salat<\/span><span class=\"dash\">&mdash;<\/span><span class=\"price\">15<\/span><\/div><\/div><div class=\"item\"><div class=\"title\"><span class=\"name\">&#8222;Millefoglie&#8220; gebackene Schichten aus Auberginen, Zucchini, Mozzarella, Basilikum und Tomatencreme<\/span><span class=\"dash\">&mdash;<\/span><span class=\"price\">16<\/span><\/div><\/div><div class=\"item\"><div class=\"title\"><span class=\"name\">Kartoffelnt\u00f6rtchen, hausgemachter Schinken mit Wisskohl und Specksalat<\/span><span class=\"dash\">&mdash;<\/span><span class=\"price\">14<\/span><\/div><\/div><div class=\"item\"><div class=\"title\"><span class=\"name\">&#8222;Carne Salada&#8220; mit Salat und Golden Apfel<\/span><span class=\"dash\">&mdash;<\/span><span class=\"price\">14<\/span><\/div><\/div><div class=\"item\"><div class=\"title\"><span class=\"name\">Kalbstonnato mit Kapern und Gem\u00fcse<\/span><span class=\"dash\">&mdash;<\/span><span class=\"price\">20<\/span><\/div><\/div><div class=\"item\"><div class=\"title\"><span class=\"name\">Roher Parmaschinken mit Melone<\/span><span class=\"dash\">&mdash;<\/span><span class=\"price\">18<\/span><\/div><\/div><div class=\"item\"><div class=\"title\"><span class=\"name\">\u201cBresaola\u201d B\u00fcndner Fleisch und  Buffelmozzarella<\/span><span class=\"dash\">&mdash;<\/span><span class=\"price\">16<\/span><\/div><\/div><div class=\"item\"><div class=\"title\"><span class=\"name\">Burratina K\u00e4se mit Kopfsalad, gebackene Tomaten, Taggiasca Oliven, Sardellen und Carasau Brot<\/span><span class=\"dash\">&mdash;<\/span><span class=\"price\">15<\/span><\/div><\/div><div class=\"item\"><div class=\"title\"><span class=\"name\">Frischen Ricotta-K\u00e4se und Zichorie, Rosa Pampelmuse und Mandelnflocken<\/span><span class=\"dash\">&mdash;<\/span><span class=\"price\">14<\/span><\/div><\/div><\/div><\/section>\n\n\n<div style=\"height:30px\" aria-hidden=\"true\" class=\"wp-block-spacer\"><\/div>\n\n\n\n<figure class=\"wp-block-gallery alignwide has-nested-images columns-default is-cropped wp-block-gallery-2 is-layout-flex wp-block-gallery-is-layout-flex\">\n<figure class=\"wp-block-image size-full\"><a href=\"https:\/\/www.villamadruzzo.com\/wp-content\/uploads\/2025\/04\/bresaola-punta-d-anca-parmigiano-24-mesi.jpg\" data-fancybox=\"gallery\"><img decoding=\"async\" width=\"667\" height=\"1000\" data-id=\"16380\" data-src=\"https:\/\/www.villamadruzzo.com\/wp-content\/uploads\/2025\/04\/bresaola-punta-d-anca-parmigiano-24-mesi.jpg\" src=\"data:image\/svg+xml,%3Csvg xmlns='http:\/\/www.w3.org\/2000\/svg' viewBox='0 0 667 1000' width='667' height='1000'%3E%3C\/svg%3E\" alt=\"Bresaola punta d\u2019anca con noci di Parmigiano 24 mesi\" class=\"lazy wp-image-16380\"\/><\/a><\/figure>\n\n\n\n<figure class=\"wp-block-image size-full\"><a href=\"https:\/\/www.villamadruzzo.com\/wp-content\/uploads\/2025\/04\/insalata-di-carciofi-melograno-parmigiano-24-mesi.jpg\" data-fancybox=\"gallery\"><img decoding=\"async\" width=\"667\" height=\"1000\" data-id=\"16370\" data-src=\"https:\/\/www.villamadruzzo.com\/wp-content\/uploads\/2025\/04\/insalata-di-carciofi-melograno-parmigiano-24-mesi.jpg\" src=\"data:image\/svg+xml,%3Csvg xmlns='http:\/\/www.w3.org\/2000\/svg' viewBox='0 0 667 1000' width='667' height='1000'%3E%3C\/svg%3E\" alt=\"Insalata di carciofi con melograno e scaglie di Parmigiano 24 mesi\" class=\"lazy wp-image-16370\"\/><\/a><\/figure>\n\n\n\n<figure class=\"wp-block-image size-full\"><a href=\"https:\/\/www.villamadruzzo.com\/wp-content\/uploads\/2025\/04\/burratina-scarola-pomodori-olive-taggiasche-acciughe-pinoli-tostati-pane-carasau.jpg\" data-fancybox=\"gallery\"><img decoding=\"async\" width=\"667\" height=\"1000\" data-id=\"16375\" data-src=\"https:\/\/www.villamadruzzo.com\/wp-content\/uploads\/2025\/04\/burratina-scarola-pomodori-olive-taggiasche-acciughe-pinoli-tostati-pane-carasau.jpg\" src=\"data:image\/svg+xml,%3Csvg xmlns='http:\/\/www.w3.org\/2000\/svg' viewBox='0 0 667 1000' width='667' height='1000'%3E%3C\/svg%3E\" alt=\"Burratina di giornata su letto di scarola con pomodori infornati, olive taggiasche, acciughe e pinoli tostati con pane Carasau\" class=\"lazy wp-image-16375\"\/><\/a><\/figure>\n<\/figure>\n\n\n\n<div style=\"height:30px\" aria-hidden=\"true\" class=\"wp-block-spacer\"><\/div>\n\n\n\n<h3 class=\"wp-block-heading\">Erste G\u00e4nge<\/h3>\n\n\n<section id=\"food-menu-block_ec1d593bd417b7bbedcd03e640347f77\" class=\"tp-block-food-menu food-menu-part food-menu-main-first\"><div class=\"food-menu-part-dish\"><div class=\"item\"><div class=\"title\"><span class=\"name\">Carnaroli Risotto mit Pfifferlingen<\/span><span class=\"dash\">&mdash;<\/span><span class=\"price\">16<\/span><\/div><\/div><div class=\"item\"><div class=\"title\"><span class=\"name\">Eiernudeltaschen gef\u00fcllt mit Ricotta und Pfifferlingen, serviert mit Butter und Salbei<\/span><span class=\"dash\">&mdash;<\/span><span class=\"price\">15<\/span><\/div><\/div><div class=\"item\"><div class=\"title\"><span class=\"name\">Kartoffeln-Gnocchi mit Tomaten und Basilikum<\/span><span class=\"dash\">&mdash;<\/span><span class=\"price\">14.50<\/span><\/div><\/div><div class=\"item\"><div class=\"title\"><span class=\"name\">Bonbonnnudeln mit Ricotta und Spargelf\u00fcllung, dazu geschwenkte Kirschtomaten und Basilikum<\/span><span class=\"dash\">&mdash;<\/span><span class=\"price\">15<\/span><\/div><\/div><div class=\"item\"><div class=\"title\"><span class=\"name\">Tortellini aus Valeggio mit Schinken, Sahne und Erbsen<\/span><span class=\"dash\">&mdash;<\/span><span class=\"price\">15<\/span><\/div><\/div><div class=\"item\"><div class=\"title\"><span class=\"name\">Ravioli mit Fleisch und Kr\u00e4uterf\u00fcllung mit Entenragout<\/span><span class=\"dash\">&mdash;<\/span><span class=\"price\">14<\/span><\/div><\/div><div class=\"item\"><div class=\"title\"><span class=\"name\">\u201cConchiglioni\u201d Nudeln mit Kalbsragout<\/span><span class=\"dash\">&mdash;<\/span><span class=\"price\">14<\/span><\/div><\/div><div class=\"item\"><div class=\"title\"><span class=\"name\">Spaghetti km 0 mit Schafk\u00e4se, Pfeffer, gefriergetrockneten Himbeeren und knusprigem Schweinebacke<\/span><span class=\"dash\">&mdash;<\/span><span class=\"price\">15<\/span><\/div><\/div><div class=\"item\"><div class=\"title\"><span class=\"name\">Spinat-Spatzle mit zerlassener Butter, Salbei und knuspringen Speckscheiben<\/span><span class=\"dash\">&mdash;<\/span><span class=\"price\">13.50<\/span><\/div><\/div><div class=\"item\"><div class=\"title\"><span class=\"name\">Gr\u00fcne Nockerln mit K\u00e4sefondue, Butter und Salbei<\/span><span class=\"dash\">&mdash;<\/span><span class=\"price\">14<\/span><\/div><\/div><div class=\"item\"><div class=\"title\"><span class=\"name\">Kn\u00f6del  auf K\u00e4sefondue (Spinat, K\u00e4se und Speck) zerlassener Butter und Salbei<\/span><span class=\"dash\">&mdash;<\/span><span class=\"price\">14<\/span><\/div><\/div><div class=\"item\"><div class=\"title\"><span class=\"name\">Hausgemachte Bandnudeln mit gew\u00fcrfeltem Schwertfisch, Shrimps und Gem\u00fcse<\/span><span class=\"dash\">&mdash;<\/span><span class=\"price\">17<\/span><\/div><\/div><div class=\"item\"><div class=\"title\"><span class=\"name\">Gem\u00fcsesuppe<\/span><span class=\"dash\">&mdash;<\/span><span class=\"price\">9<\/span><\/div><\/div><\/div><\/section>\n\n\n<div style=\"height:30px\" aria-hidden=\"true\" class=\"wp-block-spacer\"><\/div>\n\n\n\n<figure class=\"wp-block-gallery alignwide has-nested-images columns-3 is-cropped wp-block-gallery-3 is-layout-flex wp-block-gallery-is-layout-flex\">\n<figure class=\"wp-block-image size-full\"><a href=\"https:\/\/www.villamadruzzo.com\/wp-content\/uploads\/2025\/04\/spaghetti-cacio-e-pepe-lamponi-disidratati-chips-di-guanciale.jpg\" data-fancybox=\"gallery\"><img decoding=\"async\" width=\"667\" height=\"1000\" data-id=\"16389\" data-src=\"https:\/\/www.villamadruzzo.com\/wp-content\/uploads\/2025\/04\/spaghetti-cacio-e-pepe-lamponi-disidratati-chips-di-guanciale.jpg\" src=\"data:image\/svg+xml,%3Csvg xmlns='http:\/\/www.w3.org\/2000\/svg' viewBox='0 0 667 1000' width='667' height='1000'%3E%3C\/svg%3E\" alt=\"Spaghetti Pastifico Felicetti km 0 mantecati cacio e pepe, lamponi disidratati e chips di guanciale\" class=\"lazy wp-image-16389\"\/><\/a><\/figure>\n\n\n\n<figure class=\"wp-block-image size-full\"><a href=\"https:\/\/www.villamadruzzo.com\/wp-content\/uploads\/2025\/04\/crema-di-carote-e-zenzero-granella-di-nocciole-tostate.jpg\" data-fancybox=\"gallery\"><img decoding=\"async\" width=\"667\" height=\"1000\" data-id=\"16402\" data-src=\"https:\/\/www.villamadruzzo.com\/wp-content\/uploads\/2025\/04\/crema-di-carote-e-zenzero-granella-di-nocciole-tostate.jpg\" src=\"data:image\/svg+xml,%3Csvg xmlns='http:\/\/www.w3.org\/2000\/svg' viewBox='0 0 667 1000' width='667' height='1000'%3E%3C\/svg%3E\" alt=\"Crema di carote e zenzero con granella di nocciole tostate\" class=\"lazy wp-image-16402\"\/><\/a><\/figure>\n\n\n\n<figure class=\"wp-block-image size-full\"><a href=\"https:\/\/www.villamadruzzo.com\/wp-content\/uploads\/2025\/04\/strangolapreti-fonduta-di-formaggi-funghi-finferli-burro-fuso.jpg\" data-fancybox=\"gallery\"><img decoding=\"async\" width=\"667\" height=\"1000\" data-id=\"16408\" data-src=\"https:\/\/www.villamadruzzo.com\/wp-content\/uploads\/2025\/04\/strangolapreti-fonduta-di-formaggi-funghi-finferli-burro-fuso.jpg\" src=\"data:image\/svg+xml,%3Csvg xmlns='http:\/\/www.w3.org\/2000\/svg' viewBox='0 0 667 1000' width='667' height='1000'%3E%3C\/svg%3E\" alt=\"Strangolapreti con fonduta di formaggi, funghi finferli e burro fuso al profumo di salvia\" class=\"lazy wp-image-16408\"\/><\/a><\/figure>\n<\/figure>\n\n\n\n<div style=\"height:30px\" aria-hidden=\"true\" class=\"wp-block-spacer\"><\/div>\n\n\n\n<h3 class=\"wp-block-heading\">Zweiter Gang<\/h3>\n\n\n<section id=\"food-menu-block_9e58880e503ea1f0e7cbec5cf3f40ec3\" class=\"tp-block-food-menu food-menu-part food-menu-main-second\"><div class=\"food-menu-part-dish\"><div class=\"item\"><div class=\"title\"><span class=\"name\">Oktopussalat  auf katalanische Art<\/span><span class=\"dash\">&mdash;<\/span><span class=\"price\">23<\/span><\/div><\/div><div class=\"item\"><div class=\"title\"><span class=\"name\">Kammuscheln mit Ingwer Zitronen parfum<\/span><span class=\"dash\">&mdash;<\/span><span class=\"price\">25<\/span><\/div><\/div><div class=\"item\"><div class=\"title\"><span class=\"name\">Ofengebratenes lokales Kaninchen, dazu Storo-Polenta<\/span><span class=\"dash\">&mdash;<\/span><span class=\"price\">21<\/span><\/div><\/div><div class=\"item\"><div class=\"title\"><span class=\"name\">H\u00e4hnchenbrust mit Apfeln und Curry mit Reis Pilaw<\/span><span class=\"dash\">&mdash;<\/span><span class=\"price\">20<\/span><\/div><\/div><div class=\"item\"><div class=\"title\"><span class=\"name\">Schweinefilet mit Gemma di San Leonardo betr\u00e4ufelt und mit Golden-Apfeln <\/span><span class=\"dash\">&mdash;<\/span><span class=\"price\">20<\/span><\/div><\/div><div class=\"item\"><div class=\"title\"><span class=\"name\">Kalbsfrikadellen mit Steinpilzen<\/span><span class=\"dash\">&mdash;<\/span><span class=\"price\">20<\/span><\/div><\/div><div class=\"item\"><div class=\"title\"><span class=\"name\">Perlhuhnbrustfilet mit Cuor di Fassa-K\u00e4se und Steinpilzen<\/span><span class=\"dash\">&mdash;<\/span><span class=\"price\">22<\/span><\/div><\/div><div class=\"item\"><div class=\"title\"><span class=\"name\">H\u00e4hnchenschnitzel mit gebackenen Kartoffeln, geschmortem Kohl und Rotkraut mit Teroldego<\/span><span class=\"dash\">&mdash;<\/span><span class=\"price\">20<\/span><\/div><\/div><div class=\"item\"><div class=\"title\"><span class=\"name\">Wienerschnitzemit Cranberry Marmelade<\/span><span class=\"dash\">&mdash;<\/span><span class=\"price\">22<\/span><\/div><\/div><div class=\"item\"><div class=\"title\"><span class=\"name\">Kalbsleber &#8222;Veneziana Art&#8220; mit Zwiebell und Storo-Polenta <\/span><span class=\"dash\">&mdash;<\/span><span class=\"price\">22<\/span><\/div><\/div><div class=\"item\"><div class=\"title\"><span class=\"name\">Rinderschnitte mit Rucolapesto<\/span><span class=\"dash\">&mdash;<\/span><span class=\"price\">23<\/span><\/div><\/div><div class=\"item\"><div class=\"title\"><span class=\"name\">Rinderlendenfilet mit rosa Pfeffer, Ofenkartoffeln, gegrillten Zucchini und geschmortem Kohl<\/span><span class=\"dash\">&mdash;<\/span><span class=\"price\">23<\/span><\/div><\/div><div class=\"item\"><div class=\"title\"><span class=\"name\">Gegrilltes Lammfilet<\/span><span class=\"dash\">&mdash;<\/span><span class=\"price\">24<\/span><\/div><\/div><div class=\"item\"><div class=\"title\"><span class=\"name\">Rindertartarn (150g) vom K\u00fcchenchef zubereitet, mit den ersten Fr\u00fcchten der Saison und mit \u00c4pfeln Golden Delicius, in der Parmesank\u00e4sewaffel <\/span><span class=\"dash\">&mdash;<\/span><span class=\"price\">24<\/span><\/div><\/div><div class=\"item\"><div class=\"title\"><span class=\"name\">Rindertartarn (180 g) mit Brotcroutons<\/span><span class=\"dash\">&mdash;<\/span><span class=\"price\">32<\/span><\/div><\/div><div class=\"item\"><div class=\"title\"><span class=\"name\">Chateaubriand (doppeltes Filetsteak) mit Bernese Sauce<\/span><span class=\"dash\">&mdash;<\/span><span class=\"price\">70<\/span><\/div><\/div><div class=\"item\"><div class=\"title\"><span class=\"name\">Gegrilltes Angus Entrecote<\/span><span class=\"dash\">&mdash;<\/span><span class=\"price\">24<\/span><\/div><\/div><div class=\"item\"><div class=\"title\"><span class=\"name\">Saiblingsfilet km 0 vom Grill <\/span><span class=\"dash\">&mdash;<\/span><span class=\"price\">23<\/span><\/div><\/div><div class=\"item\"><div class=\"title\"><span class=\"name\">Wolfsbarschschnitte vom Grill <\/span><span class=\"dash\">&mdash;<\/span><span class=\"price\">23<\/span><\/div><\/div><\/div><\/section>\n\n\n<h3 class=\"wp-block-heading\">Beilagen<\/h3>\n\n\n<section id=\"food-menu-block_05760382d8be974e71107c979a27bc07\" class=\"tp-block-food-menu food-menu-part food-menu-main-side\"><div class=\"food-menu-part-dish\"><div class=\"item\"><div class=\"title\"><span class=\"name\">Auswahl an Trentino-K\u00e4sesorten<\/span><span class=\"dash\">&mdash;<\/span><span class=\"price\">16<\/span><\/div><div class=\"desc\">(Puzzone di Moena, Grana Trentino 22 Monate, Casolet, Cuore di Fassa, Dolce della Val di Sole)<\/div><\/div><div class=\"item\"><div class=\"title\"><span class=\"name\">Chef Salat<\/span><span class=\"dash\">&mdash;<\/span><span class=\"price\">17<\/span><\/div><div class=\"desc\">(Salat, Geraucherter Lachs, Taggiasca-Oliven, Hartgekochte Eier, Tomaten und Buffelmozzarella)<\/div><\/div><div class=\"item\"><div class=\"title\"><span class=\"name\">Gemischter Salat<\/span><span class=\"dash\">&mdash;<\/span><span class=\"price\">6<\/span><\/div><\/div><div class=\"item\"><div class=\"title\"><span class=\"name\">Gegrilltes oder gekocht Gem\u00fcse<\/span><span class=\"dash\">&mdash;<\/span><span class=\"price\">7<\/span><\/div><\/div><\/div><\/section>\n\n\n<div style=\"height:30px\" aria-hidden=\"true\" class=\"wp-block-spacer\"><\/div>\n\n\n\n<figure class=\"wp-block-gallery alignwide has-nested-images columns-default is-cropped wp-block-gallery-4 is-layout-flex wp-block-gallery-is-layout-flex\">\n<figure class=\"wp-block-image size-full\"><a href=\"https:\/\/www.villamadruzzo.com\/wp-content\/uploads\/2025\/04\/lombetto-agnello-vino-terre-san-leonardo-verdure-polentina-di-storo.jpg\" data-fancybox=\"gallery\"><img decoding=\"async\" width=\"667\" height=\"1000\" data-id=\"16418\" data-src=\"https:\/\/www.villamadruzzo.com\/wp-content\/uploads\/2025\/04\/lombetto-agnello-vino-terre-san-leonardo-verdure-polentina-di-storo.jpg\" src=\"data:image\/svg+xml,%3Csvg xmlns='http:\/\/www.w3.org\/2000\/svg' viewBox='0 0 667 1000' width='667' height='1000'%3E%3C\/svg%3E\" alt=\"Lombetto agnello vino terre san leonardo verdure polentina di storo\" class=\"lazy wp-image-16418\"\/><\/a><\/figure>\n\n\n\n<figure class=\"wp-block-image size-full\"><a href=\"https:\/\/www.villamadruzzo.com\/wp-content\/uploads\/2025\/04\/tartara-di-manzo-dello-chef-120-g-verdure-mele-cialda-di-trentingrana.jpg\" data-fancybox=\"gallery\"><img decoding=\"async\" width=\"667\" height=\"1000\" data-id=\"16423\" data-src=\"https:\/\/www.villamadruzzo.com\/wp-content\/uploads\/2025\/04\/tartara-di-manzo-dello-chef-120-g-verdure-mele-cialda-di-trentingrana.jpg\" src=\"data:image\/svg+xml,%3Csvg xmlns='http:\/\/www.w3.org\/2000\/svg' viewBox='0 0 667 1000' width='667' height='1000'%3E%3C\/svg%3E\" alt=\"Tartara di manzo dello chef 120 g verdure mele cialda di trentingrana\" class=\"lazy wp-image-16423\"\/><\/a><\/figure>\n\n\n\n<figure class=\"wp-block-image size-full\"><a href=\"https:\/\/www.villamadruzzo.com\/wp-content\/uploads\/2025\/04\/cotoletta-di-pollo-con-patate.jpg\" data-fancybox=\"gallery\"><img decoding=\"async\" width=\"667\" height=\"1000\" data-id=\"16413\" data-src=\"https:\/\/www.villamadruzzo.com\/wp-content\/uploads\/2025\/04\/cotoletta-di-pollo-con-patate.jpg\" src=\"data:image\/svg+xml,%3Csvg xmlns='http:\/\/www.w3.org\/2000\/svg' viewBox='0 0 667 1000' width='667' height='1000'%3E%3C\/svg%3E\" alt=\"Cotoletta di pollo con patate\" class=\"lazy wp-image-16413\"\/><\/a><\/figure>\n<\/figure>\n\n\n\n<div style=\"height:30px\" aria-hidden=\"true\" class=\"wp-block-spacer\"><\/div>\n\n\n\n<h3 class=\"wp-block-heading\">Dessert<\/h3>\n\n\n<section id=\"food-menu-block_0d72d9dcf19cc8095a1e16a860d70593\" class=\"tp-block-food-menu food-menu-part food-menu-main-dessert\"><div class=\"food-menu-part-dish\"><div class=\"item\"><div class=\"title\"><span class=\"name\">Apfelstrudel mit Sahnegeschmack Eis<\/span><span class=\"dash\">&mdash;<\/span><span class=\"price\">7.50<\/span><\/div><\/div><div class=\"item\"><div class=\"title\"><span class=\"name\">Strudel gefullt mit Creme und Blaubeerenmarmelade und Fiordilatte-Eis<\/span><span class=\"dash\">&mdash;<\/span><span class=\"price\">7.50<\/span><\/div><\/div><div class=\"item\"><div class=\"title\"><span class=\"name\">Apfelblatterteigtortchen mit Vanillesauce und Fiordilatte-Eis<\/span><span class=\"dash\">&mdash;<\/span><span class=\"price\">8<\/span><\/div><\/div><div class=\"item\"><div class=\"title\"><span class=\"name\">Cr\u00e8me Caramel <\/span><span class=\"dash\">&mdash;<\/span><span class=\"price\">6<\/span><\/div><\/div><div class=\"item\"><div class=\"title\"><span class=\"name\">Minze und Schokoladen-parfait<\/span><span class=\"dash\">&mdash;<\/span><span class=\"price\">8<\/span><\/div><\/div><div class=\"item\"><div class=\"title\"><span class=\"name\">T\u00fcrkischer Honig-Parfait mit Guanaya Zartbitterschokoladensauce<\/span><span class=\"dash\">&mdash;<\/span><span class=\"price\">8<\/span><\/div><\/div><div class=\"item\"><div class=\"title\"><span class=\"name\">Passionsfrucht-parfait mit Himbeersauce<\/span><span class=\"dash\">&mdash;<\/span><span class=\"price\">8<\/span><\/div><\/div><div class=\"item\"><div class=\"title\"><span class=\"name\">Eis mit Grappakastanien<\/span><span class=\"dash\">&mdash;<\/span><span class=\"price\">9<\/span><\/div><\/div><div class=\"item\"><div class=\"title\"><span class=\"name\">Baiser mit Guanaya Zartbitterschokoladensauce<\/span><span class=\"dash\">&mdash;<\/span><span class=\"price\">8<\/span><\/div><\/div><div class=\"item\"><div class=\"title\"><span class=\"name\">Erdbeeren in der Waffel mit Vanilleeeis<\/span><span class=\"dash\">&mdash;<\/span><span class=\"price\">9.50<\/span><\/div><\/div><div class=\"item\"><div class=\"title\"><span class=\"name\">Obstsalat mit Zitroneneis<\/span><span class=\"dash\">&mdash;<\/span><span class=\"price\">8<\/span><\/div><\/div><\/div><\/section>\n\n\n<div style=\"height:30px\" aria-hidden=\"true\" class=\"wp-block-spacer\"><\/div>\n\n\n\n<hr class=\"wp-block-separator has-css-opacity is-style-default\"\/>\n\n\n\n<p class=\"has-small-font-size\"><em>Die Preise sind in Euro angegeben<\/em><br><em>Service und Deckungsgeb\u00fchr: 3\u20ac pro Person<\/em><\/p>\n","protected":false},"excerpt":{"rendered":"<p>Wir bieten eine Auswahl der Gerichte auf der Speisekarte des Restaurants Villa Madruzzo. Die Anwesenheit auf der Speisekarte der Kurse kann je nach Verf\u00fcgbarkeit der Zutaten und je nach Jahreszeit variieren. Die Preise sind in Euro angegeben. Das Men\u00fc \u00e0 la carte Vorspeisen Erste G\u00e4nge Zweiter Gang Beilagen Dessert Die Preise sind in Euro angegebenService [&hellip;]<\/p>\n","protected":false},"author":2,"featured_media":11358,"parent":0,"menu_order":0,"comment_status":"closed","ping_status":"closed","template":"","meta":{"_acf_changed":false,"footnotes":""},"acf":[],"_links":{"self":[{"href":"https:\/\/www.villamadruzzo.com\/de\/wp-json\/wp\/v2\/pages\/7581"}],"collection":[{"href":"https:\/\/www.villamadruzzo.com\/de\/wp-json\/wp\/v2\/pages"}],"about":[{"href":"https:\/\/www.villamadruzzo.com\/de\/wp-json\/wp\/v2\/types\/page"}],"author":[{"embeddable":true,"href":"https:\/\/www.villamadruzzo.com\/de\/wp-json\/wp\/v2\/users\/2"}],"replies":[{"embeddable":true,"href":"https:\/\/www.villamadruzzo.com\/de\/wp-json\/wp\/v2\/comments?post=7581"}],"version-history":[{"count":0,"href":"https:\/\/www.villamadruzzo.com\/de\/wp-json\/wp\/v2\/pages\/7581\/revisions"}],"wp:featuredmedia":[{"embeddable":true,"href":"https:\/\/www.villamadruzzo.com\/de\/wp-json\/wp\/v2\/media\/11358"}],"wp:attachment":[{"href":"https:\/\/www.villamadruzzo.com\/de\/wp-json\/wp\/v2\/media?parent=7581"}],"curies":[{"name":"wp","href":"https:\/\/api.w.org\/{rel}","templated":true}]}}