{"id":7252,"date":"2019-09-24T18:13:11","date_gmt":"2019-09-24T16:13:11","guid":{"rendered":"https:\/\/www.villamadruzzo.com\/sale-per-eventi-di-lavoro-e-privati\/"},"modified":"2019-12-27T17:01:10","modified_gmt":"2019-12-27T16:01:10","slug":"unsere-besprechungsraeume","status":"publish","type":"page","link":"https:\/\/www.villamadruzzo.com\/de\/unsere-besprechungsraeume\/","title":{"rendered":"Unsere Besprechungsr\u00e4ume"},"content":{"rendered":"\n<p>Das Hotel und Restaurant Villa Madruzzo in Trient bietet gro\u00dfe Fl\u00e4chen und charmante, speziell f\u00fcr Anl\u00e4sse eingerichtete R\u00e4umlichkeiten, womit man jede Veranstaltung in einen exklusiven Anlass verwandeln kann.<\/p>\n\n\n\n<p>Entdecken Sie die verschiedenen R\u00e4ume und w\u00e4hlen Sie den am besten geeigneten f\u00fcr Ihre Veranstaltung aus.<\/p>\n\n\n<section class=\"container-room-list\"><article class=\"item\"><div class=\"row\"><div class=\"col-12 col-lg-8 col-md-7\"><a href=\"https:\/\/www.villamadruzzo.com\/de\/raum\/belvedere\/\" class=\"img\"><img decoding=\"async\" data-src=\"https:\/\/www.villamadruzzo.com\/wp-content\/uploads\/2019\/10\/sala-belvedere-1110x624.jpg\" src=\"data:image\/svg+xml,%3Csvg xmlns='http:\/\/www.w3.org\/2000\/svg' viewBox='0 0 image_w image_h' width='image_w' height='image_h'%3E%3C\/svg%3E\" width=\"1110\"  height=\"624\" alt=\"\" class=\"lazy img-fluid\"><span>betritt<\/span><\/a><\/div><div class=\"col-12 col-lg-4 col-md-5\"><a href=\"https:\/\/www.villamadruzzo.com\/de\/raum\/belvedere\/\" class=\"title\">Raum <span>Belvedere<\/span><\/a><div class=\"container-room-info\"><div class=\"info-item\">Lage<span>Belvedere Area (Keller)<\/span><\/div><div class=\"info-item\">Quadratmeter<span>71.15 m<sup>2<\/sup><\/span><\/div><div class=\"info-item\">Max Kapazit\u00e4t<span>40 Sitze<\/span><\/div><\/div><\/div><\/div><\/article><article class=\"item\"><div class=\"row\"><div class=\"col-12 col-lg-8 col-md-7\"><a href=\"https:\/\/www.villamadruzzo.com\/de\/raum\/ludovico-madruzzo-1\/\" class=\"img\"><img decoding=\"async\" data-src=\"https:\/\/www.villamadruzzo.com\/wp-content\/uploads\/2019\/10\/sala-meeting-ludovico-madruzzo-1-1110x624.jpg\" src=\"data:image\/svg+xml,%3Csvg xmlns='http:\/\/www.w3.org\/2000\/svg' viewBox='0 0 image_w image_h' width='image_w' height='image_h'%3E%3C\/svg%3E\" width=\"1110\"  height=\"624\" alt=\"\" class=\"lazy img-fluid\"><span>betritt<\/span><\/a><\/div><div class=\"col-12 col-lg-4 col-md-5\"><a href=\"https:\/\/www.villamadruzzo.com\/de\/raum\/ludovico-madruzzo-1\/\" class=\"title\">Raum <span>Ludovico Madruzzo 1<\/span><\/a><div class=\"container-room-info\"><div class=\"info-item\">Lage<span>Classic \/ Gr\u00fcnfl\u00e4che (Keller)<\/span><\/div><div class=\"info-item\">Quadratmeter<span>46.53 m<sup>2<\/sup><\/span><\/div><div class=\"info-item\">Max Kapazit\u00e4t<span>20 Sitze<\/span><\/div><\/div><\/div><\/div><\/article><article class=\"item\"><div class=\"row\"><div class=\"col-12 col-lg-8 col-md-7\"><a href=\"https:\/\/www.villamadruzzo.com\/de\/raum\/ludovico-madruzzo-2\/\" class=\"img\"><img decoding=\"async\" data-src=\"https:\/\/www.villamadruzzo.com\/wp-content\/uploads\/2019\/10\/sala-meeting-ludovico-madruzzo-2-1110x624.jpg\" src=\"data:image\/svg+xml,%3Csvg xmlns='http:\/\/www.w3.org\/2000\/svg' viewBox='0 0 image_w image_h' width='image_w' height='image_h'%3E%3C\/svg%3E\" width=\"1110\"  height=\"624\" alt=\"\" class=\"lazy img-fluid\"><span>betritt<\/span><\/a><\/div><div class=\"col-12 col-lg-4 col-md-5\"><a href=\"https:\/\/www.villamadruzzo.com\/de\/raum\/ludovico-madruzzo-2\/\" class=\"title\">Raum <span>Ludovico Madruzzo 2<\/span><\/a><div class=\"container-room-info\"><div class=\"info-item\">Lage<span>Classic \/ Gr\u00fcnfl\u00e4che (Keller)<\/span><\/div><div class=\"info-item\">Quadratmeter<span>88.35 m<sup>2<\/sup><\/span><\/div><div class=\"info-item\">Max Kapazit\u00e4t<span>55 Sitze<\/span><\/div><\/div><\/div><\/div><\/article><article class=\"item\"><div class=\"row\"><div class=\"col-12 col-lg-8 col-md-7\"><a href=\"https:\/\/www.villamadruzzo.com\/de\/raum\/caminetto\/\" class=\"img\"><img decoding=\"async\" data-src=\"https:\/\/www.villamadruzzo.com\/wp-content\/uploads\/2019\/11\/sala-da-pranzo-caminetto-1-1110x624.jpg\" src=\"data:image\/svg+xml,%3Csvg xmlns='http:\/\/www.w3.org\/2000\/svg' viewBox='0 0 image_w image_h' width='image_w' height='image_h'%3E%3C\/svg%3E\" width=\"1110\"  height=\"624\" alt=\"\" class=\"lazy img-fluid\"><span>betritt<\/span><\/a><\/div><div class=\"col-12 col-lg-4 col-md-5\"><a href=\"https:\/\/www.villamadruzzo.com\/de\/raum\/caminetto\/\" class=\"title\">Raum <span>Caminetto<\/span><\/a><div class=\"container-room-info\"><div class=\"info-item\">Lage<span>Villa (Erdgeschoss)<\/span><\/div><div class=\"info-item\">Quadratmeter<span>56.7 m<sup>2<\/sup><\/span><\/div><div class=\"info-item\">Max Kapazit\u00e4t<span>40 Sitze<\/span><\/div><\/div><\/div><\/div><\/article><article class=\"item\"><div class=\"row\"><div class=\"col-12 col-lg-8 col-md-7\"><a href=\"https:\/\/www.villamadruzzo.com\/de\/raum\/angeli\/\" class=\"img\"><img decoding=\"async\" data-src=\"https:\/\/www.villamadruzzo.com\/wp-content\/uploads\/2021\/11\/sala-angeli-1110x624.jpg\" src=\"data:image\/svg+xml,%3Csvg xmlns='http:\/\/www.w3.org\/2000\/svg' viewBox='0 0 image_w image_h' width='image_w' height='image_h'%3E%3C\/svg%3E\" width=\"1110\"  height=\"624\" alt=\"\" class=\"lazy img-fluid\"><span>betritt<\/span><\/a><\/div><div class=\"col-12 col-lg-4 col-md-5\"><a href=\"https:\/\/www.villamadruzzo.com\/de\/raum\/angeli\/\" class=\"title\">Raum <span>Angeli<\/span><\/a><div class=\"container-room-info\"><div class=\"info-item\">Lage<span>Villa (Erdgeschoss)<\/span><\/div><div class=\"info-item\">Quadratmeter<span>50 m<sup>2<\/sup><\/span><\/div><div class=\"info-item\">Max Kapazit\u00e4t<span>40 Sitze<\/span><\/div><\/div><\/div><\/div><\/article><article class=\"item\"><div class=\"row\"><div class=\"col-12 col-lg-8 col-md-7\"><a href=\"https:\/\/www.villamadruzzo.com\/de\/raum\/cardinale\/\" class=\"img\"><img decoding=\"async\" data-src=\"https:\/\/www.villamadruzzo.com\/wp-content\/uploads\/2019\/10\/sala-da-pranzo-cardinale-1110x624.jpg\" src=\"data:image\/svg+xml,%3Csvg xmlns='http:\/\/www.w3.org\/2000\/svg' viewBox='0 0 image_w image_h' width='image_w' height='image_h'%3E%3C\/svg%3E\" width=\"1110\"  height=\"624\" alt=\"\" class=\"lazy img-fluid\"><span>betritt<\/span><\/a><\/div><div class=\"col-12 col-lg-4 col-md-5\"><a href=\"https:\/\/www.villamadruzzo.com\/de\/raum\/cardinale\/\" class=\"title\">Raum <span>Cardinale<\/span><\/a><div class=\"container-room-info\"><div class=\"info-item\">Lage<span>Villa (Erdgeschoss)<\/span><\/div><div class=\"info-item\">Quadratmeter<span>124.01 m<sup>2<\/sup><\/span><\/div><div class=\"info-item\">Max Kapazit\u00e4t<span>100 Sitze<\/span><\/div><\/div><\/div><\/div><\/article><article class=\"item\"><div class=\"row\"><div class=\"col-12 col-lg-8 col-md-7\"><a href=\"https:\/\/www.villamadruzzo.com\/de\/raum\/veranda\/\" class=\"img\"><img decoding=\"async\" data-src=\"https:\/\/www.villamadruzzo.com\/wp-content\/uploads\/2019\/11\/sala-veranda-1-1110x624.jpg\" src=\"data:image\/svg+xml,%3Csvg xmlns='http:\/\/www.w3.org\/2000\/svg' viewBox='0 0 image_w image_h' width='image_w' height='image_h'%3E%3C\/svg%3E\" width=\"1110\"  height=\"624\" alt=\"\" class=\"lazy img-fluid\"><span>betritt<\/span><\/a><\/div><div class=\"col-12 col-lg-4 col-md-5\"><a href=\"https:\/\/www.villamadruzzo.com\/de\/raum\/veranda\/\" class=\"title\">Raum <span>Veranda<\/span><\/a><div class=\"container-room-info\"><div class=\"info-item\">Lage<span>Villa (Erdgeschoss)<\/span><\/div><div class=\"info-item\">Quadratmeter<span>146 m<sup>2<\/sup><\/span><\/div><div class=\"info-item\">Max Kapazit\u00e4t<span>90 Sitze<\/span><\/div><\/div><\/div><\/div><\/article><article class=\"item\"><div class=\"row\"><div class=\"col-12 col-lg-8 col-md-7\"><a href=\"https:\/\/www.villamadruzzo.com\/de\/raum\/chiesetta\/\" class=\"img\"><img decoding=\"async\" data-src=\"https:\/\/www.villamadruzzo.com\/wp-content\/uploads\/2019\/10\/meeting_room_chiesetta-1110x624.jpg\" src=\"data:image\/svg+xml,%3Csvg xmlns='http:\/\/www.w3.org\/2000\/svg' viewBox='0 0 image_w image_h' width='image_w' height='image_h'%3E%3C\/svg%3E\" width=\"1110\"  height=\"624\" alt=\"\" class=\"lazy img-fluid\"><span>betritt<\/span><\/a><\/div><div class=\"col-12 col-lg-4 col-md-5\"><a href=\"https:\/\/www.villamadruzzo.com\/de\/raum\/chiesetta\/\" class=\"title\">Raum <span>Chiesetta<\/span><\/a><div class=\"container-room-info\"><div class=\"info-item\">Lage<span>Villa (Erdgeschoss)<\/span><\/div><div class=\"info-item\">Quadratmeter<span>23.8 m<sup>2<\/sup><\/span><\/div><div class=\"info-item\">Max Kapazit\u00e4t<span>15 Sitze<\/span><\/div><\/div><\/div><\/div><\/article><article class=\"item\"><div class=\"row\"><div class=\"col-12 col-lg-8 col-md-7\"><a href=\"https:\/\/www.villamadruzzo.com\/de\/raum\/sagrestia\/\" class=\"img\"><img decoding=\"async\" data-src=\"https:\/\/www.villamadruzzo.com\/wp-content\/uploads\/2019\/10\/sala-meeting-sagrestia-1110x624.jpg\" src=\"data:image\/svg+xml,%3Csvg xmlns='http:\/\/www.w3.org\/2000\/svg' viewBox='0 0 image_w image_h' width='image_w' height='image_h'%3E%3C\/svg%3E\" width=\"1110\"  height=\"624\" alt=\"\" class=\"lazy img-fluid\"><span>betritt<\/span><\/a><\/div><div class=\"col-12 col-lg-4 col-md-5\"><a href=\"https:\/\/www.villamadruzzo.com\/de\/raum\/sagrestia\/\" class=\"title\">Raum <span>Sagrestia<\/span><\/a><div class=\"container-room-info\"><div class=\"info-item\">Lage<span>Villa (Erdgeschoss)<\/span><\/div><div class=\"info-item\">Quadratmeter<span>17.1 m<sup>2<\/sup><\/span><\/div><div class=\"info-item\">Max Kapazit\u00e4t<span>6 Sitze<\/span><\/div><\/div><\/div><\/div><\/article><article class=\"item\"><div class=\"row\"><div class=\"col-12 col-lg-8 col-md-7\"><a href=\"https:\/\/www.villamadruzzo.com\/de\/raum\/carlo-emanuele\/\" class=\"img\"><img decoding=\"async\" data-src=\"https:\/\/www.villamadruzzo.com\/wp-content\/uploads\/2019\/10\/sala-eventi-carlo-emanuele-1110x624.jpg\" src=\"data:image\/svg+xml,%3Csvg xmlns='http:\/\/www.w3.org\/2000\/svg' viewBox='0 0 image_w image_h' width='image_w' height='image_h'%3E%3C\/svg%3E\" width=\"1110\"  height=\"624\" alt=\"\" class=\"lazy img-fluid\"><span>betritt<\/span><\/a><\/div><div class=\"col-12 col-lg-4 col-md-5\"><a href=\"https:\/\/www.villamadruzzo.com\/de\/raum\/carlo-emanuele\/\" class=\"title\">Raum <span>Carlo Emanuele<\/span><\/a><div class=\"container-room-info\"><div class=\"info-item\">Lage<span>Villa (Keller)<\/span><\/div><div class=\"info-item\">Quadratmeter<span>79.8 m<sup>2<\/sup><\/span><\/div><div class=\"info-item\">Max Kapazit\u00e4t<span>55 Sitze<\/span><\/div><\/div><\/div><\/div><\/article><\/section>\n","protected":false},"excerpt":{"rendered":"<p>Das Hotel und Restaurant Villa Madruzzo in Trient bietet gro\u00dfe Fl\u00e4chen und charmante, speziell f\u00fcr Anl\u00e4sse eingerichtete R\u00e4umlichkeiten, womit man jede Veranstaltung in einen exklusiven Anlass verwandeln kann. Entdecken Sie die verschiedenen R\u00e4ume und w\u00e4hlen Sie den am besten geeigneten f\u00fcr Ihre Veranstaltung aus.<\/p>\n","protected":false},"author":2,"featured_media":0,"parent":0,"menu_order":0,"comment_status":"closed","ping_status":"closed","template":"","meta":{"_acf_changed":false,"footnotes":""},"acf":[],"_links":{"self":[{"href":"https:\/\/www.villamadruzzo.com\/de\/wp-json\/wp\/v2\/pages\/7252"}],"collection":[{"href":"https:\/\/www.villamadruzzo.com\/de\/wp-json\/wp\/v2\/pages"}],"about":[{"href":"https:\/\/www.villamadruzzo.com\/de\/wp-json\/wp\/v2\/types\/page"}],"author":[{"embeddable":true,"href":"https:\/\/www.villamadruzzo.com\/de\/wp-json\/wp\/v2\/users\/2"}],"replies":[{"embeddable":true,"href":"https:\/\/www.villamadruzzo.com\/de\/wp-json\/wp\/v2\/comments?post=7252"}],"version-history":[{"count":0,"href":"https:\/\/www.villamadruzzo.com\/de\/wp-json\/wp\/v2\/pages\/7252\/revisions"}],"wp:attachment":[{"href":"https:\/\/www.villamadruzzo.com\/de\/wp-json\/wp\/v2\/media?parent=7252"}],"curies":[{"name":"wp","href":"https:\/\/api.w.org\/{rel}","templated":true}]}}