{"id":7164,"date":"2019-09-24T18:11:31","date_gmt":"2019-09-24T16:11:31","guid":{"rendered":"https:\/\/www.villamadruzzo.com\/eventi-privati-meeting-a-trento\/"},"modified":"2022-10-17T12:06:37","modified_gmt":"2022-10-17T10:06:37","slug":"geschehen","status":"publish","type":"page","link":"https:\/\/www.villamadruzzo.com\/de\/geschehen\/","title":{"rendered":"Geschehen"},"content":{"rendered":"\n<p>Villa Madruzzo ist der ideale Ort, um Ihre wichtigsten Veranstaltungen durchzuf\u00fchren. Ob Sie nun ein Gesch\u00e4ftstreffen, eine Hochzeit oder eine Familienfeier organisieren, VM steht f\u00fcr Professionalit\u00e4t und Qualit\u00e4t.<\/p>\n\n\n\n<div class=\"wp-block-buttons is-layout-flex wp-block-buttons-is-layout-flex\">\n<div class=\"wp-block-button is-style-left\"><a class=\"wp-block-button__link\" href=\"https:\/\/www.villamadruzzo.com\/de\/buchen-sie-ihre-veranstaltung\/\">Kontaktieren Sie uns<\/a><\/div>\n<\/div>\n\n\n\n<hr class=\"wp-block-separator is-style-default\"\/>\n\n\n\n<h2 class=\"wp-block-heading\">Gesch\u00e4ftstreffen<\/h2>\n\n\n\n<p>Der Erfolg Ihres Gesch\u00e4ftstreffens erfordert Planung, Koordination und ausreichend Platz. Unsere Mitarbeiter wissen, wie sie Sie zum richtigen Zeitpunkt mit der notwendigen Unterst\u00fctzung bedienen k\u00f6nnen, helfen Ihnen, Ihre Veranstaltung unvergesslich zu machen und empfehlen Ihnen den am besten geeigneten Besprechungsraum.<\/p>\n\n\n\n<figure class=\"wp-block-gallery columns-4  gallery-meeting wp-block-gallery-1 is-layout-flex wp-block-gallery-is-layout-flex\"><ul class=\"blocks-gallery-grid\"><li class=\"blocks-gallery-item\"><figure><a href=\"https:\/\/www.villamadruzzo.com\/wp-content\/uploads\/2019\/11\/sale-madruzzo-per-riunioni-meeting.jpg\" data-fancybox=\"gallery-meeting\"><img decoding=\"async\" width=\"555\" height=\"312\" data-src=\"https:\/\/www.villamadruzzo.com\/wp-content\/uploads\/2019\/11\/sale-madruzzo-per-riunioni-meeting-555x312.jpg\" src=\"data:image\/svg+xml,%3Csvg xmlns='http:\/\/www.w3.org\/2000\/svg' viewBox='0 0 555 312' width='555' height='312'%3E%3C\/svg%3E\" alt=\"\" data-id=\"5364\" data-full-url=\"https:\/\/www.villamadruzzo.com\/wp-content\/uploads\/2019\/11\/sale-madruzzo-per-riunioni-meeting.jpg\" data-link=\"https:\/\/www.villamadruzzo.com\/de\/geschehen\/sale-madruzzo-per-riunioni-meeting-2\/\" class=\"lazy wp-image-5364\" data-srcset=\"https:\/\/www.villamadruzzo.com\/wp-content\/uploads\/2019\/11\/sale-madruzzo-per-riunioni-meeting-555x312.jpg 555w, https:\/\/www.villamadruzzo.com\/wp-content\/uploads\/2019\/11\/sale-madruzzo-per-riunioni-meeting-1110x624.jpg 1110w\" data-sizes=\"(max-width: 555px) 100vw, 555px\" \/><\/a><\/figure><\/li><li class=\"blocks-gallery-item\"><figure><a href=\"https:\/\/www.villamadruzzo.com\/wp-content\/uploads\/2019\/11\/sale-convegni-a-trento.jpg\" data-fancybox=\"gallery-meeting\"><img decoding=\"async\" width=\"555\" height=\"312\" data-src=\"https:\/\/www.villamadruzzo.com\/wp-content\/uploads\/2019\/11\/sale-convegni-a-trento-555x312.jpg\" src=\"data:image\/svg+xml,%3Csvg xmlns='http:\/\/www.w3.org\/2000\/svg' viewBox='0 0 555 312' width='555' height='312'%3E%3C\/svg%3E\" alt=\"\" data-id=\"5375\" data-full-url=\"https:\/\/www.villamadruzzo.com\/wp-content\/uploads\/2019\/11\/sale-convegni-a-trento.jpg\" data-link=\"https:\/\/www.villamadruzzo.com\/de\/geschehen\/sale-convegni-a-trento-2\/\" class=\"lazy wp-image-5375\" data-srcset=\"https:\/\/www.villamadruzzo.com\/wp-content\/uploads\/2019\/11\/sale-convegni-a-trento-555x312.jpg 555w, https:\/\/www.villamadruzzo.com\/wp-content\/uploads\/2019\/11\/sale-convegni-a-trento-1110x624.jpg 1110w\" data-sizes=\"(max-width: 555px) 100vw, 555px\" \/><\/a><\/figure><\/li><li class=\"blocks-gallery-item\"><figure><a href=\"https:\/\/www.villamadruzzo.com\/wp-content\/uploads\/2019\/11\/sala-meeting-congressi-madruzzo.jpg\" data-fancybox=\"gallery-meeting\"><img decoding=\"async\" width=\"555\" height=\"312\" data-src=\"https:\/\/www.villamadruzzo.com\/wp-content\/uploads\/2019\/11\/sala-meeting-congressi-madruzzo-555x312.jpg\" src=\"data:image\/svg+xml,%3Csvg xmlns='http:\/\/www.w3.org\/2000\/svg' viewBox='0 0 555 312' width='555' height='312'%3E%3C\/svg%3E\" alt=\"\" data-id=\"5370\" data-full-url=\"https:\/\/www.villamadruzzo.com\/wp-content\/uploads\/2019\/11\/sala-meeting-congressi-madruzzo.jpg\" data-link=\"https:\/\/www.villamadruzzo.com\/de\/geschehen\/sala-meeting-congressi-madruzzo-2\/\" class=\"lazy wp-image-5370\" data-srcset=\"https:\/\/www.villamadruzzo.com\/wp-content\/uploads\/2019\/11\/sala-meeting-congressi-madruzzo-555x312.jpg 555w, https:\/\/www.villamadruzzo.com\/wp-content\/uploads\/2019\/11\/sala-meeting-congressi-madruzzo-1110x624.jpg 1110w\" data-sizes=\"(max-width: 555px) 100vw, 555px\" \/><\/a><\/figure><\/li><li class=\"blocks-gallery-item\"><figure><a href=\"https:\/\/www.villamadruzzo.com\/wp-content\/uploads\/2019\/11\/meeting-e-convegni-in-hotel-a-trento.jpg\" data-fancybox=\"gallery-meeting\"><img decoding=\"async\" width=\"555\" height=\"312\" data-src=\"https:\/\/www.villamadruzzo.com\/wp-content\/uploads\/2019\/11\/meeting-e-convegni-in-hotel-a-trento-555x312.jpg\" src=\"data:image\/svg+xml,%3Csvg xmlns='http:\/\/www.w3.org\/2000\/svg' viewBox='0 0 555 312' width='555' height='312'%3E%3C\/svg%3E\" alt=\"\" data-id=\"5390\" data-full-url=\"https:\/\/www.villamadruzzo.com\/wp-content\/uploads\/2019\/11\/meeting-e-convegni-in-hotel-a-trento.jpg\" data-link=\"https:\/\/www.villamadruzzo.com\/de\/geschehen\/meeting-e-convegni-in-hotel-a-trento-2\/\" class=\"lazy wp-image-5390\" data-srcset=\"https:\/\/www.villamadruzzo.com\/wp-content\/uploads\/2019\/11\/meeting-e-convegni-in-hotel-a-trento-555x312.jpg 555w, https:\/\/www.villamadruzzo.com\/wp-content\/uploads\/2019\/11\/meeting-e-convegni-in-hotel-a-trento-1110x624.jpg 1110w\" data-sizes=\"(max-width: 555px) 100vw, 555px\" \/><\/a><\/figure><\/li><li class=\"blocks-gallery-item\"><figure><a href=\"https:\/\/www.villamadruzzo.com\/wp-content\/uploads\/2019\/11\/hotel-a-trento-con-sale-congressuali.jpg\" data-fancybox=\"gallery-meeting\"><img decoding=\"async\" width=\"555\" height=\"312\" data-src=\"https:\/\/www.villamadruzzo.com\/wp-content\/uploads\/2019\/11\/hotel-a-trento-con-sale-congressuali-555x312.jpg\" src=\"data:image\/svg+xml,%3Csvg xmlns='http:\/\/www.w3.org\/2000\/svg' viewBox='0 0 555 312' width='555' height='312'%3E%3C\/svg%3E\" alt=\"\" data-id=\"5338\" data-full-url=\"https:\/\/www.villamadruzzo.com\/wp-content\/uploads\/2019\/11\/hotel-a-trento-con-sale-congressuali.jpg\" data-link=\"https:\/\/www.villamadruzzo.com\/de\/geschehen\/hotel-a-trento-con-sale-congressuali-2\/\" class=\"lazy wp-image-5338\" data-srcset=\"https:\/\/www.villamadruzzo.com\/wp-content\/uploads\/2019\/11\/hotel-a-trento-con-sale-congressuali-555x312.jpg 555w, https:\/\/www.villamadruzzo.com\/wp-content\/uploads\/2019\/11\/hotel-a-trento-con-sale-congressuali-1110x624.jpg 1110w\" data-sizes=\"(max-width: 555px) 100vw, 555px\" \/><\/a><\/figure><\/li><li class=\"blocks-gallery-item\"><figure><a href=\"https:\/\/www.villamadruzzo.com\/wp-content\/uploads\/2019\/11\/sala-meeting-congressi-belvedere.jpg\" data-fancybox=\"gallery-meeting\"><img decoding=\"async\" width=\"555\" height=\"312\" data-src=\"https:\/\/www.villamadruzzo.com\/wp-content\/uploads\/2019\/11\/sala-meeting-congressi-belvedere-555x312.jpg\" src=\"data:image\/svg+xml,%3Csvg xmlns='http:\/\/www.w3.org\/2000\/svg' viewBox='0 0 555 312' width='555' height='312'%3E%3C\/svg%3E\" alt=\"\" data-id=\"5348\" data-full-url=\"https:\/\/www.villamadruzzo.com\/wp-content\/uploads\/2019\/11\/sala-meeting-congressi-belvedere.jpg\" data-link=\"https:\/\/www.villamadruzzo.com\/de\/geschehen\/sala-meeting-congressi-belvedere-2\/\" class=\"lazy wp-image-5348\" data-srcset=\"https:\/\/www.villamadruzzo.com\/wp-content\/uploads\/2019\/11\/sala-meeting-congressi-belvedere-555x312.jpg 555w, https:\/\/www.villamadruzzo.com\/wp-content\/uploads\/2019\/11\/sala-meeting-congressi-belvedere-1110x624.jpg 1110w\" data-sizes=\"(max-width: 555px) 100vw, 555px\" \/><\/a><\/figure><\/li><\/ul><\/figure>\n\n\n\n<h2 class=\"wp-block-heading\">Private Veranstaltungen<\/h2>\n\n\n\n<p>Villa Madruzzo ist ein Unternehmen mit tiefen famili\u00e4ren Wurzeln. Wir wissen daher sehr gut, wie wichtig es ist, die Ereignisse zu feiern, die am wichtigsten sind und mit denen, die wir am meisten lieben, sei es eine Veranstaltung mit Freunden oder ein Familientreffen. Aperitifs, Mittag- und Abendessen f\u00fcr Geburtstage, Promotionen und Jubil\u00e4en, die Villa Madruzzo steht Ihnen zur Seite, um Ihre Veranstaltung zum Erfolg zu f\u00fchren.<\/p>\n\n\n\n<figure class=\"wp-block-gallery columns-2 wp-block-gallery-2 is-layout-flex wp-block-gallery-is-layout-flex\"><ul class=\"blocks-gallery-grid\"><li class=\"blocks-gallery-item\"><figure><a href=\"https:\/\/www.villamadruzzo.com\/wp-content\/uploads\/2019\/10\/cene-eleganti-in-chiesa-trento.jpg\" data-fancybox=\"gallery\"><img decoding=\"async\" width=\"555\" height=\"312\" data-src=\"https:\/\/www.villamadruzzo.com\/wp-content\/uploads\/2019\/10\/cene-eleganti-in-chiesa-trento-555x312.jpg\" src=\"data:image\/svg+xml,%3Csvg xmlns='http:\/\/www.w3.org\/2000\/svg' viewBox='0 0 555 312' width='555' height='312'%3E%3C\/svg%3E\" alt=\"\" data-id=\"4991\" data-full-url=\"https:\/\/www.villamadruzzo.com\/wp-content\/uploads\/2019\/10\/cene-eleganti-in-chiesa-trento.jpg\" data-link=\"https:\/\/www.villamadruzzo.com\/de\/raum\/chiesetta\/cene-eleganti-in-chiesa-trento-2\/\" class=\"lazy wp-image-4991\" data-srcset=\"https:\/\/www.villamadruzzo.com\/wp-content\/uploads\/2019\/10\/cene-eleganti-in-chiesa-trento-555x312.jpg 555w, https:\/\/www.villamadruzzo.com\/wp-content\/uploads\/2019\/10\/cene-eleganti-in-chiesa-trento-1110x624.jpg 1110w\" data-sizes=\"(max-width: 555px) 100vw, 555px\" \/><\/a><\/figure><\/li><li class=\"blocks-gallery-item\"><figure><a href=\"https:\/\/www.villamadruzzo.com\/wp-content\/uploads\/2019\/10\/cene-private-eleganti-a-trento.jpg\" data-fancybox=\"gallery\"><img decoding=\"async\" width=\"555\" height=\"312\" data-src=\"https:\/\/www.villamadruzzo.com\/wp-content\/uploads\/2019\/10\/cene-private-eleganti-a-trento-555x312.jpg\" src=\"data:image\/svg+xml,%3Csvg xmlns='http:\/\/www.w3.org\/2000\/svg' viewBox='0 0 555 312' width='555' height='312'%3E%3C\/svg%3E\" alt=\"\" data-id=\"4995\" data-full-url=\"https:\/\/www.villamadruzzo.com\/wp-content\/uploads\/2019\/10\/cene-private-eleganti-a-trento.jpg\" data-link=\"https:\/\/www.villamadruzzo.com\/de\/raum\/chiesetta\/cene-private-eleganti-a-trento-2\/\" class=\"lazy wp-image-4995\" data-srcset=\"https:\/\/www.villamadruzzo.com\/wp-content\/uploads\/2019\/10\/cene-private-eleganti-a-trento-555x312.jpg 555w, https:\/\/www.villamadruzzo.com\/wp-content\/uploads\/2019\/10\/cene-private-eleganti-a-trento-1110x624.jpg 1110w\" data-sizes=\"(max-width: 555px) 100vw, 555px\" \/><\/a><\/figure><\/li><\/ul><\/figure>\n\n\n\n<h2 class=\"wp-block-heading\">Hochzeiten<\/h2>\n\n\n\n<p>Die wichtigste Gelegenheit Ihres Lebens verdient es, auf die beste Weise und ohne Stress erlebt zu werden. Verlassen Sie sich f\u00fcr Ihren Traumtag auf den bezaubernden Charme unserer Location und die Erfahrung unserer Mitarbeiter.  Villa Madruzzo bietet Ihnen h\u00f6chste Aufmerksamkeit und Professionalit\u00e4t und stellt sicher, dass kein Detail dem Zufall \u00fcberlassen wird.  <\/p>\n\n\n\n<figure class=\"wp-block-gallery columns-2 wp-block-gallery-3 is-layout-flex wp-block-gallery-is-layout-flex\"><ul class=\"blocks-gallery-grid\"><li class=\"blocks-gallery-item\"><figure><a href=\"https:\/\/www.villamadruzzo.com\/wp-content\/uploads\/2019\/11\/sala-da-pranzo-caminetto.jpg\" data-fancybox=\"gallery\"><img decoding=\"async\" width=\"555\" height=\"312\" data-src=\"https:\/\/www.villamadruzzo.com\/wp-content\/uploads\/2019\/11\/sala-da-pranzo-caminetto-555x312.jpg\" src=\"data:image\/svg+xml,%3Csvg xmlns='http:\/\/www.w3.org\/2000\/svg' viewBox='0 0 555 312' width='555' height='312'%3E%3C\/svg%3E\" alt=\"\" data-id=\"5398\" data-full-url=\"https:\/\/www.villamadruzzo.com\/wp-content\/uploads\/2019\/11\/sala-da-pranzo-caminetto.jpg\" data-link=\"https:\/\/www.villamadruzzo.com\/de\/geschehen\/sala-da-pranzo-caminetto-2\/\" class=\"lazy wp-image-5398\" data-srcset=\"https:\/\/www.villamadruzzo.com\/wp-content\/uploads\/2019\/11\/sala-da-pranzo-caminetto-555x312.jpg 555w, https:\/\/www.villamadruzzo.com\/wp-content\/uploads\/2019\/11\/sala-da-pranzo-caminetto-1110x624.jpg 1110w\" data-sizes=\"(max-width: 555px) 100vw, 555px\" \/><\/a><\/figure><\/li><li class=\"blocks-gallery-item\"><figure><a href=\"https:\/\/www.villamadruzzo.com\/wp-content\/uploads\/2019\/11\/sale-da-pranzo-per-cene-private.jpg\" data-fancybox=\"gallery\"><img decoding=\"async\" width=\"555\" height=\"312\" data-src=\"https:\/\/www.villamadruzzo.com\/wp-content\/uploads\/2019\/11\/sale-da-pranzo-per-cene-private-555x312.jpg\" src=\"data:image\/svg+xml,%3Csvg xmlns='http:\/\/www.w3.org\/2000\/svg' viewBox='0 0 555 312' width='555' height='312'%3E%3C\/svg%3E\" alt=\"\" data-id=\"5403\" data-full-url=\"https:\/\/www.villamadruzzo.com\/wp-content\/uploads\/2019\/11\/sale-da-pranzo-per-cene-private.jpg\" data-link=\"https:\/\/www.villamadruzzo.com\/de\/geschehen\/sale-da-pranzo-per-cene-private-2\/\" class=\"lazy wp-image-5403\" data-srcset=\"https:\/\/www.villamadruzzo.com\/wp-content\/uploads\/2019\/11\/sale-da-pranzo-per-cene-private-555x312.jpg 555w, https:\/\/www.villamadruzzo.com\/wp-content\/uploads\/2019\/11\/sale-da-pranzo-per-cene-private-1110x624.jpg 1110w\" data-sizes=\"(max-width: 555px) 100vw, 555px\" \/><\/a><\/figure><\/li><li class=\"blocks-gallery-item\"><figure><a href=\"https:\/\/www.villamadruzzo.com\/wp-content\/uploads\/2019\/11\/organizza-pranzo-di-matrimonio-a-trento.jpg\" data-fancybox=\"gallery\"><img decoding=\"async\" width=\"555\" height=\"312\" data-src=\"https:\/\/www.villamadruzzo.com\/wp-content\/uploads\/2019\/11\/organizza-pranzo-di-matrimonio-a-trento-555x312.jpg\" src=\"data:image\/svg+xml,%3Csvg xmlns='http:\/\/www.w3.org\/2000\/svg' viewBox='0 0 555 312' width='555' height='312'%3E%3C\/svg%3E\" alt=\"\" data-id=\"5408\" data-full-url=\"https:\/\/www.villamadruzzo.com\/wp-content\/uploads\/2019\/11\/organizza-pranzo-di-matrimonio-a-trento.jpg\" data-link=\"https:\/\/www.villamadruzzo.com\/de\/geschehen\/organizza-pranzo-di-matrimonio-a-trento-2\/\" class=\"lazy wp-image-5408\" data-srcset=\"https:\/\/www.villamadruzzo.com\/wp-content\/uploads\/2019\/11\/organizza-pranzo-di-matrimonio-a-trento-555x312.jpg 555w, https:\/\/www.villamadruzzo.com\/wp-content\/uploads\/2019\/11\/organizza-pranzo-di-matrimonio-a-trento-1110x624.jpg 1110w\" data-sizes=\"(max-width: 555px) 100vw, 555px\" \/><\/a><\/figure><\/li><li class=\"blocks-gallery-item\"><figure><a href=\"https:\/\/www.villamadruzzo.com\/wp-content\/uploads\/2019\/11\/sale-da-pranzo-per-matrimoni.jpg\" data-fancybox=\"gallery\"><img decoding=\"async\" width=\"555\" height=\"312\" data-src=\"https:\/\/www.villamadruzzo.com\/wp-content\/uploads\/2019\/11\/sale-da-pranzo-per-matrimoni-555x312.jpg\" src=\"data:image\/svg+xml,%3Csvg xmlns='http:\/\/www.w3.org\/2000\/svg' viewBox='0 0 555 312' width='555' height='312'%3E%3C\/svg%3E\" alt=\"\" data-id=\"5413\" data-full-url=\"https:\/\/www.villamadruzzo.com\/wp-content\/uploads\/2019\/11\/sale-da-pranzo-per-matrimoni.jpg\" data-link=\"https:\/\/www.villamadruzzo.com\/de\/geschehen\/sale-da-pranzo-per-matrimoni-2\/\" class=\"lazy wp-image-5413\" data-srcset=\"https:\/\/www.villamadruzzo.com\/wp-content\/uploads\/2019\/11\/sale-da-pranzo-per-matrimoni-555x312.jpg 555w, https:\/\/www.villamadruzzo.com\/wp-content\/uploads\/2019\/11\/sale-da-pranzo-per-matrimoni-1110x624.jpg 1110w\" data-sizes=\"(max-width: 555px) 100vw, 555px\" \/><\/a><\/figure><\/li><\/ul><\/figure>\n","protected":false},"excerpt":{"rendered":"<p>Villa Madruzzo ist der ideale Ort, um Ihre wichtigsten Veranstaltungen durchzuf\u00fchren. Ob Sie nun ein Gesch\u00e4ftstreffen, eine Hochzeit oder eine Familienfeier organisieren, VM steht f\u00fcr Professionalit\u00e4t und Qualit\u00e4t. Gesch\u00e4ftstreffen Der Erfolg Ihres Gesch\u00e4ftstreffens erfordert Planung, Koordination und ausreichend Platz. Unsere Mitarbeiter wissen, wie sie Sie zum richtigen Zeitpunkt mit der notwendigen Unterst\u00fctzung bedienen k\u00f6nnen, helfen [&hellip;]<\/p>\n","protected":false},"author":2,"featured_media":0,"parent":0,"menu_order":0,"comment_status":"closed","ping_status":"closed","template":"","meta":{"_acf_changed":false,"footnotes":""},"acf":[],"_links":{"self":[{"href":"https:\/\/www.villamadruzzo.com\/de\/wp-json\/wp\/v2\/pages\/7164"}],"collection":[{"href":"https:\/\/www.villamadruzzo.com\/de\/wp-json\/wp\/v2\/pages"}],"about":[{"href":"https:\/\/www.villamadruzzo.com\/de\/wp-json\/wp\/v2\/types\/page"}],"author":[{"embeddable":true,"href":"https:\/\/www.villamadruzzo.com\/de\/wp-json\/wp\/v2\/users\/2"}],"replies":[{"embeddable":true,"href":"https:\/\/www.villamadruzzo.com\/de\/wp-json\/wp\/v2\/comments?post=7164"}],"version-history":[{"count":0,"href":"https:\/\/www.villamadruzzo.com\/de\/wp-json\/wp\/v2\/pages\/7164\/revisions"}],"wp:attachment":[{"href":"https:\/\/www.villamadruzzo.com\/de\/wp-json\/wp\/v2\/media?parent=7164"}],"curies":[{"name":"wp","href":"https:\/\/api.w.org\/{rel}","templated":true}]}}